{"id":97,"date":"2020-10-02T12:57:16","date_gmt":"2020-10-02T10:57:16","guid":{"rendered":"http:\/\/kamel.home.amu.edu.pl\/?page_id=97"},"modified":"2024-03-28T03:32:44","modified_gmt":"2024-03-28T02:32:44","slug":"maciej-parkitny","status":"publish","type":"page","link":"http:\/\/kamel.home.amu.edu.pl\/?page_id=97","title":{"rendered":"Maciej Parkitny"},"content":{"rendered":"<p><img decoding=\"async\" loading=\"lazy\" class=\"alignnone size-medium wp-image-215\" src=\"http:\/\/kamel.home.amu.edu.pl\/wp-content\/uploads\/2024\/03\/Parkitny-225x300.jpg\" alt=\"\" width=\"225\" height=\"300\" srcset=\"http:\/\/kamel.home.amu.edu.pl\/wp-content\/uploads\/2024\/03\/Parkitny-225x300.jpg 225w, http:\/\/kamel.home.amu.edu.pl\/wp-content\/uploads\/2024\/03\/Parkitny-768x1024.jpg 768w, http:\/\/kamel.home.amu.edu.pl\/wp-content\/uploads\/2024\/03\/Parkitny-1152x1536.jpg 1152w, http:\/\/kamel.home.amu.edu.pl\/wp-content\/uploads\/2024\/03\/Parkitny.jpg 1441w\" sizes=\"(max-width: 225px) 100vw, 225px\" \/><\/p>\n<p>&nbsp;<\/p>\n<p style=\"text-align: justify;\"><span style=\"font-size: 14pt;\"><strong>Prof. UAM dr hab. Maciej Parkitny<\/strong><\/span><strong><br \/>\n<\/strong><\/p>\n<p>&nbsp;<\/p>\n<p style=\"text-align: justify;\">Zajmuje si\u0119 histori\u0105 literatury i kultury o\u015bwiecenia, wczesn\u0105 nowoczesno\u015bci\u0105, sarmatyzmem i jego usytuowaniem w polskim dyskursie to\u017csamo\u015bciowym, tw\u00f3rczo\u015bci\u0105 Ignacego Krasickiego, od pewnego czasu r\u00f3wnie\u017c edytorstwem. Nale\u017cy do Polskiego Towarzystwa Bada\u0144 nad Wiekiem Osiemnastym. Absolwent pozna\u0144skiej polonistyki. Prac\u0119 doktorsk\u0105 pt. <em>\u015awiadomo\u015b\u0107 historyczna Ignacego Krasickiego<\/em> napisa\u0142 pod kierunkiem prof. dra hab. J\u00f3zefa Tomasza Pokrzywniaka (w 2003 r. otrzyma\u0142 za ni\u0105 Nagrod\u0119 Prezesa Rady Ministr\u00f3w). Autor artyku\u0142\u00f3w w tomach zbiorowych i czasopismach oraz ksi\u0105\u017cki <em>Nowoczesno\u015b\u0107 o\u015bwiecenia <\/em>(w 2020 r. otrzyma\u0142 za ni\u0105 przyznawan\u0105 przez Polsk\u0105 Akademi\u0119 Nauk nagrod\u0119 w dziedzinie literatury i filologii im. Aleksandra Br\u00fccknera). Od 2017 r. redaktor edycji krytycznej <em>Dzie\u0142 zebranych <\/em>Ignacego Krasickiego. Uczestniczy\u0142 jako wykonawca w pi\u0119ciu grantach, kierowa\u0142 dwoma. Jest pe\u0142nomocnikiem dziekana WFPiK ds. k\u00f3\u0142 naukowych, cz\u0142onkiem Rady Programowej Grupy Kierunk\u00f3w Studi\u00f3w (polonistycznych).<\/p>\n<p>&nbsp;<\/p>\n<p style=\"text-align: justify;\"><strong>Ksi\u0105\u017cka autorska:<\/strong><\/p>\n<p style=\"text-align: justify;\"><span style=\"font-size: 12pt;\">M. Parkitny, <em>Nowoczesno\u015b\u0107\u00a0o\u015bwiecenia. Studia o literaturze i kulturze polskiej drugiej po\u0142owy XVIII wieku<\/em>, Wydawnictwo Naukowe UAM, Pozna\u0144 2018, ss. 259.<\/span><\/p>\n<p>&nbsp;<\/p>\n<p style=\"text-align: justify;\"><strong>Prace redakcyjne:<\/strong><\/p>\n<p style=\"text-align: justify;\"><em>Wiek osiemnasty jako zmiana. Perspektywy i problemy<\/em>, red. M. Parkitny, Wydawnictwo Naukowe UAM, Pozna\u0144 2023.<\/p>\n<p style=\"text-align: justify;\">I. Krasicki, <em>Dzie\u0142a zebrane<\/em>, pod red. Z. Goli\u0144skiego kontynuowan\u0105 przez J. T. Pokrzywniaka i M. Parkitnego, t. 1: <em>Poematy<\/em>, oprac. Z. Goli\u0144ski, wyd. 2 przejrzane i popr., Wydawnictwo Naukowe UAM, Pozna\u0144 2021.<\/p>\n<p style=\"text-align: justify;\">I. Krasicki, <em>Dzie\u0142a zebrane<\/em>, pod red. Z. Goli\u0144skiego kontynuowan\u0105 przez J. T. Pokrzywniaka i M. Parkitnego, t. 2: <em>Zbiory wierszy<\/em>, oprac. T. Kostkiewiczowa, Wydawnictwo Naukowe UAM, Pozna\u0144 2019.<\/p>\n<p>&nbsp;<\/p>\n<p style=\"text-align: justify;\"><strong>Rozdzia\u0142y w ksi\u0105\u017ckach zbiorowych i artyku\u0142y (wyb\u00f3r):<\/strong><\/p>\n<p style=\"text-align: justify;\">M. Parkitny, <em>To nie wino zawini\u0142o. \u201eSp\u00f3r rymotw\u00f3rski\u201d Krasickiego z Naruszewiczem<\/em>, \u201ePami\u0119tnik Literacki\u201d 2020, z. 1, s. 89-110.<\/p>\n<p style=\"text-align: justify;\">M. Parkitny, <em>\u015awiadomo\u015b\u0107 religijna Ignacego Krasickiego w kr\u0119gu fideizmu i o\u015bwieceniowego sceptycyzmu<\/em>, [w:] <em>Wiek XVIII \u2013 mi\u0119dzy tradycj\u0105 a o\u015bwieceniow\u0105 wsp\u00f3\u0142czesno\u015bci\u0105. Hermeneutyka warto\u015bci religijnych<\/em>, red. tomu B. Kuczera-Chachulska, T. Chachulski, wsp\u00f3\u0142praca J. Snopek, Wydawnictwo Uniwersytetu Warszawskiego, Warszawa 2017, s. 234-280 (<em>Kultura Pierwszej Rzeczypospolitej w dialogu z\u00a0Europ\u0105. Hermeneutyka warto\u015bci<\/em>, pod red. naukow\u0105 A. Nowickiej-Je\u017cowej, t. XII).<\/p>\n<p style=\"text-align: justify;\">M. Parkitny, <em>O u\u017cyteczno\u015bci kategorii nowoczesno\u015bci dla bada\u0144 literackich nad polskim o\u015bwieceniem<\/em>, \u201eWiek O\u015bwiecenia\u201c 32 (2016), s. 29-73.<\/p>\n<p style=\"text-align: justify;\">M. Parkitny, <em>O roli i znaczeniu \u201eWieku O\u015bwiecenia\u201c subiektywnie i obiektywnie s\u0142\u00f3w kilka<\/em>, \u201eWiek O\u015bwiecenia\u201c 31 (2015), s. 15-19.<\/p>\n<p style=\"text-align: justify;\">M. Parkitny, <em>Historia literatury staropolskiej i o\u015bwiecenia jako przedmiot akademickiej dydaktyki polonistycznej<\/em>, [w:] <em>Polonistyka dzi\u015b \u2013 kszta\u0142cenie dla jutra<\/em>, red. K. Biedrzycki, W. Bobi\u0144ski, A. Janus-Sitarz, R. Przybylska, wsp\u00f3\u0142praca redakcyjna A. Kania, E. Strawa, TAiWPN Universitas, Krak\u00f3w 2014, t. 1, s. 378-389. \u201eEdukacja Nauczycielska Polonisty\u201c, t. XX.<\/p>\n<p style=\"text-align: justify;\">M. Parkitny, <em>Wobec o\u015bwieceniowego projektu modernizacyjnego: \u201eWojna chocimska\u201c<\/em>, [w:] <em>Czytanie Krasickiego<\/em>, pod red. T. Kostkiewiczowej, R. Dokt\u00f3ra, B. Mazurkowej, Wydawnictwo Instytutu Bada\u0144 Literackich PAN, Warszawa 2014, s. 379-400. \u201eCzytanie Poet\u00f3w Polskiego O\u015bwiecenia\u201d, t. 2.<\/p>\n<p style=\"text-align: justify;\">M. Parkitny, <em>Filozofia antyczna jako figura nowoczesno\u015bci w dyskursie Ignacego Krasickiego<\/em>, [w:] <em>Antyk o\u015bwieconych. Studia i rozprawy o miejscu staro\u017cytno\u015bci w kulturze polskiej XVIII wieku<\/em>, pod red. T. Chachulskiego, Wydawnictwo Instytutu Bada\u0144 Literackich PAN, Warszawa 2012, s. 615-655.<\/p>\n<p style=\"text-align: justify;\">M. Parkitny, <em>Klasycyzm \u2013 o\u015bwiecenie \u2013 nowoczesno\u015b\u0107<\/em>, [w:] <em>Klasycyzm. Estetyka \u2013 doktryna literacka \u2013 antropologia<\/em>, red. K. Meller, Wydawnictwo Neriton, Warszawa 2009, s. 239-257 (<em>Humanizm. Idee, nurty i paradygmaty humanistyczne w kulturze polskiej. Syntezy<\/em>, pod red. naukow\u0105 A. Nowickiej-Je\u017cowej, t. VI).<\/p>\n<p style=\"text-align: justify;\">M. Parkitny, <em>O\u015bwiecenie sarmackie \u2013 pr\u00f3g nowoczesno\u015bci w Polsce?<\/em>, [w:] <em>Polonistyka w przebudowie<\/em>. <em>Literaturoznawstwo \u2013 wiedza o j\u0119zyku \u2013 wiedza o kulturze \u2013 edukacja. Zjazd Polonist\u00f3w, Krak\u00f3w, 22-25 wrze\u015bnia 2004<\/em>, zesp\u00f3\u0142 redakcyjny M. Czermi\u0144ska (przewodnicz\u0105ca), S. Gajda, K. K\u0142osi\u0144ski, A. Lege\u017cy\u0144ska, A. Z. Makowiecki, R. Nycz, TAiWPN Universitas, Krak\u00f3w 2005, t. 2, s. 514-541.<\/p>\n<p style=\"text-align: justify;\">M. Parkitny, <em>Ignacy Krasicki w kr\u0119gu opozycji dawno\u015bci i tera\u017aniejszo\u015bci<\/em>, \u201eWiek O\u015bwiecenia\u201d 18 (2002), s. 59-97.<\/p>\n<p style=\"text-align: justify;\">M. Parkitny, <em>Ignacego Krasickiego \u015bwiadomo\u015b\u0107 historyczno\u015bci<\/em>, [w:] <em>Ignacy Krasicki. Nowe spojrzenia<\/em>, red. naukowa Z. Goli\u0144ski, T. Kostkiewiczowa, K. Stasiewicz, Wydawnictwo DiG, Warszawa 2001, s. 221-242.<\/p>\n<p style=\"text-align: justify;\">M. Parkitny, <em>O\u015bwieceniowe typologie, czyli k\u0142opoty z\u00a0paralaks\u0105<\/em>, \u201eWiek O\u015bwiecenia\u201d 17 (2001), s. 67-84.<\/p>\n<p style=\"text-align: justify;\">M. Parkitny, <em>Retoryka o\u015bwieceniowego projektu grantu. (\u201eMemoria\u0142 wzgl\u0119dem pisania historii narodowej\u201d Adama Naruszewicza)<\/em>, [w:] <em>Czytanie Naruszewicza. Interpretacje<\/em>, pod red. T. Chachulskiego, Zak\u0142ad Narodowy im. Ossoli\u0144skich, Wroc\u0142aw 2000, s. 237-248.<\/p>\n<p style=\"text-align: justify;\">M. Parkitny, <em>O genezie \u201eMyszeidy\u201d Ignacego Krasickiego<\/em>, \u201ePami\u0119tnik Literacki\u201d 1998, z. 1, s. 51-67.<\/p>\n<p>&nbsp;<\/p>\n<p><strong>Artyku\u0142y recenzyjne:<\/strong><\/p>\n<p>M. Parkitny, <em>Fragment\u00f3w uk\u0142ad scalony<\/em> [rec.: M. Cie\u0144ski, <em>Literatura polskiego o\u015bwiecenia wobec tradycji i Europy<\/em>, Krak\u00f3w 2013], \u201eWiek O\u015bwiecenia\u201c 31 (2015), s. 408-421.<\/p>\n<p>M. Parkitny, [rec.: A. Grze\u015bkowiak-Krwawicz, <em>Regina libertas. Wol\u00adno\u015b\u0107 w pol\u00adskiej my\u015bli politycznej XVIII wieku<\/em>, Gda\u0144sk 2006], \u201eWiek O\u015bwiecenia\u201d 23 (2007), s. 259-269.<\/p>\n<p>M. Parkitny, [rec.: G. Zaj\u0105c, <em>Fabu\u0142a powie\u015bci polskiego o\u015bwiecenia<\/em>, Krak\u00f3w 2002], \u201eWiek O\u015bwiecenia\u201d 20 (2004), s. 256-265.<\/p>\n<p>M. Parkitny [rec.: I. \u0141ossowska, <em>Tradycja i nowoczesno\u015b\u0107 dydaktycznej powie\u015bci o\u015bwiecenia w Polsce<\/em>, Warszawa 2002], \u201eWiek O\u015bwiecenia\u201d 20 (2004), s. 251-256.<\/p>\n<p>&nbsp;<\/p>\n","protected":false},"excerpt":{"rendered":"<p>&nbsp; Prof. UAM dr hab. Maciej Parkitny &nbsp; Zajmuje si\u0119 histori\u0105 literatury i kultury o\u015bwiecenia, wczesn\u0105 nowoczesno\u015bci\u0105, sarmatyzmem i jego usytuowaniem w polskim dyskursie to\u017csamo\u015bciowym, tw\u00f3rczo\u015bci\u0105 Ignacego Krasickiego, od pewnego czasu r\u00f3wnie\u017c edytorstwem. Nale\u017cy do Polskiego Towarzystwa Bada\u0144 nad Wiekiem Osiemnastym. Absolwent pozna\u0144skiej polonistyki. Prac\u0119 doktorsk\u0105 pt. \u015awiadomo\u015b\u0107 historyczna Ignacego Krasickiego napisa\u0142 pod kierunkiem prof. [&hellip;]<\/p>\n","protected":false},"author":1,"featured_media":0,"parent":0,"menu_order":0,"comment_status":"closed","ping_status":"closed","template":"","meta":[],"_links":{"self":[{"href":"http:\/\/kamel.home.amu.edu.pl\/index.php?rest_route=\/wp\/v2\/pages\/97"}],"collection":[{"href":"http:\/\/kamel.home.amu.edu.pl\/index.php?rest_route=\/wp\/v2\/pages"}],"about":[{"href":"http:\/\/kamel.home.amu.edu.pl\/index.php?rest_route=\/wp\/v2\/types\/page"}],"author":[{"embeddable":true,"href":"http:\/\/kamel.home.amu.edu.pl\/index.php?rest_route=\/wp\/v2\/users\/1"}],"replies":[{"embeddable":true,"href":"http:\/\/kamel.home.amu.edu.pl\/index.php?rest_route=%2Fwp%2Fv2%2Fcomments&post=97"}],"version-history":[{"count":5,"href":"http:\/\/kamel.home.amu.edu.pl\/index.php?rest_route=\/wp\/v2\/pages\/97\/revisions"}],"predecessor-version":[{"id":241,"href":"http:\/\/kamel.home.amu.edu.pl\/index.php?rest_route=\/wp\/v2\/pages\/97\/revisions\/241"}],"wp:attachment":[{"href":"http:\/\/kamel.home.amu.edu.pl\/index.php?rest_route=%2Fwp%2Fv2%2Fmedia&parent=97"}],"curies":[{"name":"wp","href":"https:\/\/api.w.org\/{rel}","templated":true}]}}